{"id":1779,"date":"2026-03-26T19:22:22","date_gmt":"2026-03-26T18:22:22","guid":{"rendered":"http:\/\/ragie.org.gt\/?page_id=1779"},"modified":"2026-03-27T15:16:23","modified_gmt":"2026-03-27T14:16:23","slug":"historia","status":"publish","type":"page","link":"https:\/\/infopublica.ragie.org.gt\/?page_id=1779","title":{"rendered":"Historia"},"content":{"rendered":"\t\t<div data-elementor-type=\"wp-page\" data-elementor-id=\"1779\" class=\"elementor elementor-1779\">\n\t\t\t\t\t\t<section class=\"elementor-section elementor-top-section elementor-element elementor-element-42bada6 elementor-section-boxed elementor-section-height-default elementor-section-height-default\" data-id=\"42bada6\" data-element_type=\"section\" data-e-type=\"section\">\n\t\t\t\t\t\t<div class=\"elementor-container elementor-column-gap-default\">\n\t\t\t\t\t<div class=\"elementor-column elementor-col-100 elementor-top-column elementor-element elementor-element-30601ce\" data-id=\"30601ce\" data-element_type=\"column\" data-e-type=\"column\">\n\t\t\t<div class=\"elementor-widget-wrap elementor-element-populated\">\n\t\t\t\t\t\t<div class=\"elementor-element elementor-element-e9f41a2 elementor-widget elementor-widget-gva-heading-block\" data-id=\"e9f41a2\" data-element_type=\"widget\" data-e-type=\"widget\" data-widget_type=\"gva-heading-block.default\">\n\t\t\t\t<div class=\"elementor-widget-container\">\n\t\t\t\t\t<div class=\"gva-element-gva-heading-block gva-element\">   <div class=\"align-left style-1 widget gsc-heading box-align-left auto-responsive\">\r\n      <div class=\"content-inner\">\r\n         \r\n                  \r\n         <div class=\"sub-title\"><span class=\"tagline\">Los Inicios<\/span><\/div>  \r\n         \r\n                     <h2 class=\"title\">\r\n               <span>El Nodo UUCP y la Universidad del Valle (1991)<\/span>\r\n            <\/h2>\r\n                  \r\n         \r\n         \r\n      <\/div>\r\n   <\/div>\r\n<\/div>\t\t\t\t<\/div>\n\t\t\t\t<\/div>\n\t\t\t\t<div class=\"elementor-element elementor-element-26529cb elementor-widget elementor-widget-text-editor\" data-id=\"26529cb\" data-element_type=\"widget\" data-e-type=\"widget\" data-widget_type=\"text-editor.default\">\n\t\t\t\t\t\t\t\t\t<p>La historia de Internet en Guatemala comienza a principios de la d\u00e9cada de los 90, cuando apenas se vislumbraban redes de transporte independientes que no estaban conectadas a la red global. En <b data-path-to-node=\"3\" data-index-in-node=\"194\">1991<\/b>, Luis R. Furl\u00e1n, Director del Centro de Estudios en Inform\u00e1tica Aplicada de la UVG, estableci\u00f3 un <b data-path-to-node=\"3\" data-index-in-node=\"297\">nodo UUCP<\/b> (<i data-path-to-node=\"3\" data-index-in-node=\"308\">Unix to Unix Copy<\/i>) para obtener acceso al correo electr\u00f3nico.<\/p><p data-path-to-node=\"4\">Este nodo operaba bajo condiciones t\u00e9cnicas limitadas:<\/p><ul data-path-to-node=\"5\"><li><p data-path-to-node=\"5,0,0\"><b data-path-to-node=\"5,0,0\" data-index-in-node=\"0\">Hardware:<\/b> Una PC 386 con 2 MB de memoria y un disco duro de 20 MB.<\/p><\/li><li><p data-path-to-node=\"5,1,0\"><b data-path-to-node=\"5,1,0\" data-index-in-node=\"0\">Conexi\u00f3n:<\/b> Se realizaba una o dos veces al d\u00eda mediante m\u00f3dem hacia el Proyecto Hurac\u00e1n en Costa Rica.<\/p><\/li><li><p data-path-to-node=\"5,2,0\"><b data-path-to-node=\"5,2,0\" data-index-in-node=\"0\">Evoluci\u00f3n:<\/b> El servicio creci\u00f3 r\u00e1pidamente de 5 a <b data-path-to-node=\"5,2,0\" data-index-in-node=\"49\">600 usuarios<\/b>, lo que oblig\u00f3 a instalar una PC 486 dedicada.<\/p><\/li><\/ul><p data-path-to-node=\"6\">Debido a cambios en el Proyecto Hurac\u00e1n, el nodo debi\u00f3 conectarse posteriormente con UUNET en Virginia, EE. UU. Para reducir costos, las llamadas telef\u00f3nicas se hac\u00edan \u00fanicamente a medianoche para aprovechar la tarifa barata.<\/p>\t\t\t\t\t\t\t\t<\/div>\n\t\t\t\t<div class=\"elementor-element elementor-element-521e059 elementor-widget elementor-widget-gva-heading-block\" data-id=\"521e059\" data-element_type=\"widget\" data-e-type=\"widget\" data-widget_type=\"gva-heading-block.default\">\n\t\t\t\t<div class=\"elementor-widget-container\">\n\t\t\t\t\t<div class=\"gva-element-gva-heading-block gva-element\">   <div class=\"align-left style-1 widget gsc-heading box-align-left auto-responsive\">\r\n      <div class=\"content-inner\">\r\n         \r\n                  \r\n         <div class=\"sub-title\"><span class=\"tagline\">1992\u20131995<\/span><\/div>  \r\n         \r\n                     <h2 class=\"title\">\r\n               <span>El Proyecto MayaNet y los Desaf\u00edos del Monopolio<\/span>\r\n            <\/h2>\r\n                  \r\n         \r\n         \r\n      <\/div>\r\n   <\/div>\r\n<\/div>\t\t\t\t<\/div>\n\t\t\t\t<\/div>\n\t\t\t\t<div class=\"elementor-element elementor-element-d75cf10 elementor-widget elementor-widget-text-editor\" data-id=\"d75cf10\" data-element_type=\"widget\" data-e-type=\"widget\" data-widget_type=\"text-editor.default\">\n\t\t\t\t\t\t\t\t\t<p data-path-to-node=\"8\">En 1992 se cre\u00f3 el Consejo Nacional de Ciencia y Tecnolog\u00eda (<b data-path-to-node=\"8\" data-index-in-node=\"61\">CONCyT<\/b>), el cual impuls\u00f3 el proyecto <b data-path-to-node=\"8\" data-index-in-node=\"98\">MayaNet<\/b>. El objetivo era crear la primera red nacional cient\u00edfica\/acad\u00e9mica para interconectar a cinco universidades e institutos de investigaci\u00f3n.<\/p><p data-path-to-node=\"9\">Sin embargo, el proyecto enfrent\u00f3 obst\u00e1culos legales: el monopolio de <b data-path-to-node=\"9\" data-index-in-node=\"70\">GUATEL<\/b> imped\u00eda cualquier comunicaci\u00f3n electr\u00f3nica sin su intervenci\u00f3n. Tras a\u00f1os de cabildeo ante el Congreso y la Presidencia, en diciembre de 1995 se firm\u00f3 un acuerdo que permiti\u00f3 que MayaNet &#8220;saliera al aire&#8221;. El servicio UUCP original de la UVG fue clausurado ese mismo mes para dar paso a esta nueva etapa.<\/p>\t\t\t\t\t\t\t\t<\/div>\n\t\t\t\t<div class=\"elementor-element elementor-element-ed2cf12 elementor-widget elementor-widget-gva-heading-block\" data-id=\"ed2cf12\" data-element_type=\"widget\" data-e-type=\"widget\" data-widget_type=\"gva-heading-block.default\">\n\t\t\t\t<div class=\"elementor-widget-container\">\n\t\t\t\t\t<div class=\"gva-element-gva-heading-block gva-element\">   <div class=\"align-left style-1 widget gsc-heading box-align-left auto-responsive\">\r\n      <div class=\"content-inner\">\r\n         \r\n                  \r\n         <div class=\"sub-title\"><span class=\"tagline\">1998\u20132004<\/span><\/div>  \r\n         \r\n                     <h2 class=\"title\">\r\n               <span>El Declive de MayaNet y la Creaci\u00f3n de RAGIE<\/span>\r\n            <\/h2>\r\n                  \r\n         \r\n         \r\n      <\/div>\r\n   <\/div>\r\n<\/div>\t\t\t\t<\/div>\n\t\t\t\t<\/div>\n\t\t\t\t<div class=\"elementor-element elementor-element-ef42885 elementor-widget elementor-widget-text-editor\" data-id=\"ef42885\" data-element_type=\"widget\" data-e-type=\"widget\" data-widget_type=\"text-editor.default\">\n\t\t\t\t\t\t\t\t\t<p data-path-to-node=\"11\">Para 1998, el proyecto MayaNet colaps\u00f3 y la mayor\u00eda de las universidades se retiraron. La red continu\u00f3 operando \u00fanicamente como un servicio de internet para dependencias gubernamentales.<\/p><p data-path-to-node=\"12\">Ante el surgimiento de <b data-path-to-node=\"12\" data-index-in-node=\"23\">RedCLARA<\/b> en 2004, Guatemala convoc\u00f3 a diez universidades para fundar una nueva entidad. As\u00ed naci\u00f3 la <b data-path-to-node=\"12\" data-index-in-node=\"124\">Red Avanzada Guatemalteca para la Investigaci\u00f3n y Educaci\u00f3n (RAGIE)<\/b>, registrada como Asociaci\u00f3n Civil en febrero de 2004 bajo el liderazgo de Luis Furl\u00e1n.<\/p><p data-path-to-node=\"13\">Las universidades fundadoras fueron:<\/p><ul data-path-to-node=\"14\"><li><p data-path-to-node=\"14,0,0\">Universidad de San Carlos de Guatemala (USAC)<\/p><\/li><li><p data-path-to-node=\"14,1,0\">Universidad del Valle de Guatemala (UVG)<\/p><\/li><li><p data-path-to-node=\"14,2,0\">Universidad Francisco Marroqu\u00edn (UFM)<\/p><\/li><li><p data-path-to-node=\"14,3,0\">Universidad Galileo<\/p><\/li><li><p data-path-to-node=\"14,4,0\">Universidad Mariano G\u00e1lvez (UMG)<\/p><\/li><li><p data-path-to-node=\"14,5,0\">Universidad Rafael Land\u00edvar (URL)<\/p><\/li><\/ul>\t\t\t\t\t\t\t\t<\/div>\n\t\t\t\t<div class=\"elementor-element elementor-element-12520b3 elementor-widget elementor-widget-gva-heading-block\" data-id=\"12520b3\" data-element_type=\"widget\" data-e-type=\"widget\" data-widget_type=\"gva-heading-block.default\">\n\t\t\t\t<div class=\"elementor-widget-container\">\n\t\t\t\t\t<div class=\"gva-element-gva-heading-block gva-element\">   <div class=\"align-left style-1 widget gsc-heading box-align-left auto-responsive\">\r\n      <div class=\"content-inner\">\r\n         \r\n                  \r\n         <div class=\"sub-title\"><span class=\"tagline\"> 2005\u20132006<\/span><\/div>  \r\n         \r\n                     <h2 class=\"title\">\r\n               <span>Integraci\u00f3n Internacional y RedCLARA<\/span>\r\n            <\/h2>\r\n                  \r\n         \r\n         \r\n      <\/div>\r\n   <\/div>\r\n<\/div>\t\t\t\t<\/div>\n\t\t\t\t<\/div>\n\t\t\t\t<div class=\"elementor-element elementor-element-35f7d61 elementor-widget elementor-widget-text-editor\" data-id=\"35f7d61\" data-element_type=\"widget\" data-e-type=\"widget\" data-widget_type=\"text-editor.default\">\n\t\t\t\t\t\t\t\t\t<p data-path-to-node=\"16\">Aunque RAGIE comenz\u00f3 a operar internamente en 2004, no ten\u00eda conexi\u00f3n internacional. Fue el <b data-path-to-node=\"16\" data-index-in-node=\"92\">14 de diciembre de 2005<\/b> cuando RAGIE finalmente se conect\u00f3 f\u00edsicamente a <b data-path-to-node=\"16\" data-index-in-node=\"165\">RedCLARA<\/b>.<\/p><p data-path-to-node=\"17\">Esta conexi\u00f3n fue posible gracias al <b data-path-to-node=\"17\" data-index-in-node=\"37\">proyecto ALICE<\/b>, cofinanciado por la Comisi\u00f3n Europea. Gracias a ello, la comunidad acad\u00e9mica de Guatemala logr\u00f3 interconectarse con:<\/p><ul data-path-to-node=\"18\"><li><p data-path-to-node=\"18,0,0\"><b data-path-to-node=\"18,0,0\" data-index-in-node=\"0\">Latinoam\u00e9rica:<\/b> A trav\u00e9s de sus pares en RedCLARA.<\/p><\/li><li><p data-path-to-node=\"18,1,0\"><b data-path-to-node=\"18,1,0\" data-index-in-node=\"0\">Europa:<\/b> Mediante el enlace a la red <b data-path-to-node=\"18,1,0\" data-index-in-node=\"36\">G\u00c9ANT<\/b>.<\/p><\/li><li><p data-path-to-node=\"18,2,0\"><b data-path-to-node=\"18,2,0\" data-index-in-node=\"0\">Estados Unidos:<\/b> A trav\u00e9s de <b data-path-to-node=\"18,2,0\" data-index-in-node=\"28\">Internet2<\/b>.<\/p><\/li><\/ul>\t\t\t\t\t\t\t\t<\/div>\n\t\t\t\t<div class=\"elementor-element elementor-element-f96a4d2 elementor-widget elementor-widget-gva-heading-block\" data-id=\"f96a4d2\" data-element_type=\"widget\" data-e-type=\"widget\" data-widget_type=\"gva-heading-block.default\">\n\t\t\t\t<div class=\"elementor-widget-container\">\n\t\t\t\t\t<div class=\"gva-element-gva-heading-block gva-element\">   <div class=\"align-left style-1 widget gsc-heading box-align-left auto-responsive\">\r\n      <div class=\"content-inner\">\r\n         \r\n                  \r\n         <div class=\"sub-title\"><span class=\"tagline\">2006-2008<\/span><\/div>  \r\n         \r\n                     <h2 class=\"title\">\r\n               <span>Lanzamiento Oficial y Crecimiento<\/span>\r\n            <\/h2>\r\n                  \r\n         \r\n         \r\n      <\/div>\r\n   <\/div>\r\n<\/div>\t\t\t\t<\/div>\n\t\t\t\t<\/div>\n\t\t\t\t<div class=\"elementor-element elementor-element-c44b94a elementor-widget elementor-widget-text-editor\" data-id=\"c44b94a\" data-element_type=\"widget\" data-e-type=\"widget\" data-widget_type=\"text-editor.default\">\n\t\t\t\t\t\t\t\t\t<p data-path-to-node=\"20\">El lanzamiento oficial de RAGIE se celebr\u00f3 el <b data-path-to-node=\"20\" data-index-in-node=\"46\">27 de noviembre de 2006<\/b> en la Ciudad de Guatemala, con la presencia de autoridades acad\u00e9micas y directivos de redes avanzadas de Brasil, M\u00e9xico y El Salvador. El evento incluy\u00f3 una videoconferencia desde Ecuador, demostrando las capacidades de la nueva infraestructura.<\/p><p data-path-to-node=\"21\">Finalmente, el 5 de diciembre de 2008, bajo el marco del proyecto <b data-path-to-node=\"21\" data-index-in-node=\"66\">ALICE2<\/b>, RAGIE dio un paso importante en su capacidad t\u00e9cnica, aumentando su ancho de banda hacia RedCLARA de <b data-path-to-node=\"21\" data-index-in-node=\"175\">10 Mbps a 18 Mbps<\/b>.<\/p>\t\t\t\t\t\t\t\t<\/div>\n\t\t\t\t\t<\/div>\n\t\t<\/div>\n\t\t\t\t\t<\/div>\n\t\t<\/section>\n\t\t\t\t<\/div>\n\t\t","protected":false},"excerpt":{"rendered":"<p>Los Inicios El Nodo UUCP y la Universidad del Valle (1991) La historia de Internet en Guatemala comienza a principios de la d\u00e9cada de los 90, cuando apenas se vislumbraban [&hellip;]<\/p>\n","protected":false},"author":1,"featured_media":0,"parent":0,"menu_order":0,"comment_status":"closed","ping_status":"closed","template":"","meta":{"_angie_page":false,"footnotes":""},"class_list":["post-1779","page","type-page","status-publish","hentry"],"_links":{"self":[{"href":"https:\/\/infopublica.ragie.org.gt\/index.php?rest_route=\/wp\/v2\/pages\/1779","targetHints":{"allow":["GET"]}}],"collection":[{"href":"https:\/\/infopublica.ragie.org.gt\/index.php?rest_route=\/wp\/v2\/pages"}],"about":[{"href":"https:\/\/infopublica.ragie.org.gt\/index.php?rest_route=\/wp\/v2\/types\/page"}],"author":[{"embeddable":true,"href":"https:\/\/infopublica.ragie.org.gt\/index.php?rest_route=\/wp\/v2\/users\/1"}],"replies":[{"embeddable":true,"href":"https:\/\/infopublica.ragie.org.gt\/index.php?rest_route=%2Fwp%2Fv2%2Fcomments&post=1779"}],"version-history":[{"count":22,"href":"https:\/\/infopublica.ragie.org.gt\/index.php?rest_route=\/wp\/v2\/pages\/1779\/revisions"}],"predecessor-version":[{"id":1806,"href":"https:\/\/infopublica.ragie.org.gt\/index.php?rest_route=\/wp\/v2\/pages\/1779\/revisions\/1806"}],"wp:attachment":[{"href":"https:\/\/infopublica.ragie.org.gt\/index.php?rest_route=%2Fwp%2Fv2%2Fmedia&parent=1779"}],"curies":[{"name":"wp","href":"https:\/\/api.w.org\/{rel}","templated":true}]}}